{"id":21,"date":"2023-11-20T10:43:22","date_gmt":"2023-11-20T10:43:22","guid":{"rendered":"http:\/\/tramuntanafotografia.com\/?page_id=21"},"modified":"2024-10-25T09:48:17","modified_gmt":"2024-10-25T09:48:17","slug":"cristian","status":"publish","type":"page","link":"http:\/\/tramuntanafotografia.com\/es\/cristian\/","title":{"rendered":"CRISTIAN P.COLL"},"content":{"rendered":"<div class=\"wpb-content-wrapper\"><p>[vc_row row_type=\u00bbrow\u00bb use_row_as_full_screen_section=\u00bbno\u00bb type=\u00bbfull_width\u00bb text_align=\u00bbleft\u00bb background_animation=\u00bbnone\u00bb css_animation=\u00bb\u00bb][vc_column width=\u00bb1\/4&#8243;][vc_empty_space height=\u00bb10px\u00bb][vc_single_image image=\u00bb47&#8243; img_size=\u00bbmedium\u00bb alignment=\u00bbcenter\u00bb qode_css_animation=\u00bbelement_from_fade\u00bb][\/vc_column][vc_column width=\u00bb3\/4&#8243;][vc_empty_space height=\u00bb10px\u00bb][vc_column_text css=\u00bb\u00bb]<\/p>\n<p style=\"text-align: left;\"><span style=\"color: #000000;\">Cristian Pons Coll (1979) \u00e9s llicenciat en Administraci\u00f3 d&#8217;Empreses i Comunicaci\u00f3 Audiovisual, especialitzat en reportatge i documental. Ha desenvolupat la seva traject\u00f2ria com a periodista i fot\u00f2graf per <a href=\"https:\/\/www.acn.cat\/\">l&#8217;Ag\u00e8ncia Catalana de Not\u00edcies <\/a>. Com a documentalista ha realitzat diversos treballs independents i per a televisi\u00f3 a trav\u00e9s de la productora <a href=\"https:\/\/produccions.esfarcultural.net\/\">Produccions des FAR<\/a>. Ha estat premiat al <a href=\"https:\/\/simaawards.org\/\">Social Impact Media Awards<\/a> (SIMA Awards, 2017, USA) amb el documental <a href=\"http:\/\/tramuntanafotografia.com\/ca\/cristian\">ROUTES<\/a> (2016). \u00c9s el director de la s\u00e8rie de retrats documentals <a href=\"https:\/\/ib3.org\/menorquins\">MENORQUINS<\/a> (amb dues temporades a IB3 Televisi\u00f3, 2021, 2023) a m\u00e9s de col\u00b7laborar amb el programa <a href=\"https:\/\/ib3.org\/zoom\">ZOOM<\/a> (IB3 TV, 2021, 2022). Ha treballat a la televisi\u00f3 des del 2008 i en cinema al llarg de la seva traject\u00f2ria tant en producci\u00f3, fotografia fix i especialment en so directe.<\/span><\/p>\n<p style=\"text-align: left;\"><span style=\"color: #000000;\">Com a gestor cultural exerceix a Menorca (Illes Balears) com a coordinador des<a href=\"https:\/\/esfarcultural.net\/\"> FAR Cultural<\/a> (Formaci\u00f3n \u00b7 Arte \u00b7 Investigaci\u00f3n), una associaci\u00f3 sense \u00e0nim de lucre que va n\u00e9ixer el 2013 amb la vocaci\u00f3 de dinamitzar social i culturalment el territori menorqu\u00ed a trav\u00e9s dels valors de la singularitat, la identitat i el patrimoni. Vinculant la creaci\u00f3 art\u00edstica i les resid\u00e8ncies al centre de creaci\u00f3 i resid\u00e8ncies de recerca (<a href=\"https:\/\/casadartistes.esfarcultural.net\/\">Casa d&#8217;Artistes<\/a>). Actualment dirigeix el <a href=\"https:\/\/www.menorcadocfest.com\/\">Menorca Doc Fest<\/a>, festival de fotografia i cinema documental (des d&#8217;octubre del 2019, compta en 5 edicions) un referent de la creaci\u00f3 fotogr\u00e0fica i del documental a les illes Balears.<\/span><\/p>\n<p>[\/vc_column_text][vc_empty_space][\/vc_column][\/vc_row][vc_row row_type=\u00bbrow\u00bb use_row_as_full_screen_section=\u00bbno\u00bb type=\u00bbfull_width\u00bb text_align=\u00bbleft\u00bb background_animation=\u00bbnone\u00bb css_animation=\u00bb\u00bb][vc_column][vc_empty_space][\/vc_column][\/vc_row][vc_row row_type=\u00bbrow\u00bb use_row_as_full_screen_section=\u00bbno\u00bb type=\u00bbfull_width\u00bb text_align=\u00bbleft\u00bb background_animation=\u00bbnone\u00bb css_animation=\u00bb\u00bb][vc_column width=\u00bb1\/6&#8243;][vc_empty_space][\/vc_column][vc_column width=\u00bb4\/6&#8243;][vc_column_text]<strong>CONTACTE<\/strong>[\/vc_column_text][vc_empty_space]\n<div class=\"wpcf7 no-js\" id=\"wpcf7-f30-o1\" lang=\"es-ES\" dir=\"ltr\" data-wpcf7-id=\"30\">\n<div class=\"screen-reader-response\"><p role=\"status\" aria-live=\"polite\" aria-atomic=\"true\"><\/p> <ul><\/ul><\/div>\n<form action=\"\/es\/wp-json\/wp\/v2\/pages\/21#wpcf7-f30-o1\" method=\"post\" class=\"wpcf7-form init cf7_custom_style_1\" aria-label=\"Formulario de contacto\" novalidate=\"novalidate\" data-status=\"init\">\n<fieldset class=\"hidden-fields-container\"><input type=\"hidden\" name=\"_wpcf7\" value=\"30\" \/><input type=\"hidden\" name=\"_wpcf7_version\" value=\"6.1.5\" \/><input type=\"hidden\" name=\"_wpcf7_locale\" value=\"es_ES\" \/><input type=\"hidden\" name=\"_wpcf7_unit_tag\" value=\"wpcf7-f30-o1\" \/><input type=\"hidden\" name=\"_wpcf7_container_post\" value=\"0\" \/><input type=\"hidden\" name=\"_wpcf7_posted_data_hash\" value=\"\" \/><input type=\"hidden\" name=\"lang\" value=\"es\" \/>\n<\/fieldset>\n<p><label> Nom<br \/>\n<span class=\"wpcf7-form-control-wrap\" data-name=\"your-name\"><input size=\"40\" maxlength=\"400\" class=\"wpcf7-form-control wpcf7-text wpcf7-validates-as-required\" autocomplete=\"name\" aria-required=\"true\" aria-invalid=\"false\" value=\"\" type=\"text\" name=\"your-name\" \/><\/span> <\/label>\n<\/p>\n<p><label> Correu<br \/>\n<span class=\"wpcf7-form-control-wrap\" data-name=\"your-email\"><input size=\"40\" maxlength=\"400\" class=\"wpcf7-form-control wpcf7-email wpcf7-validates-as-required wpcf7-text wpcf7-validates-as-email\" autocomplete=\"email\" aria-required=\"true\" aria-invalid=\"false\" value=\"\" type=\"email\" name=\"your-email\" \/><\/span> <\/label>\n<\/p>\n<p><label> Tema<br \/>\n<span class=\"wpcf7-form-control-wrap\" data-name=\"your-subject\"><input size=\"40\" maxlength=\"400\" class=\"wpcf7-form-control wpcf7-text wpcf7-validates-as-required\" aria-required=\"true\" aria-invalid=\"false\" value=\"\" type=\"text\" name=\"your-subject\" \/><\/span> <\/label>\n<\/p>\n<p><label> Missatge<br \/>\n<span class=\"wpcf7-form-control-wrap\" data-name=\"your-message\"><textarea cols=\"40\" rows=\"10\" maxlength=\"2000\" class=\"wpcf7-form-control wpcf7-textarea\" aria-invalid=\"false\" name=\"your-message\"><\/textarea><\/span> <\/label>\n<\/p>\n<p><input class=\"wpcf7-form-control wpcf7-submit has-spinner\" type=\"submit\" value=\"Enviar\" \/>\n<\/p><div class=\"wpcf7-response-output\" aria-hidden=\"true\"><\/div>\n<\/form>\n<\/div>\n[\/vc_column][vc_column width=\u00bb1\/6&#8243;][vc_empty_space][\/vc_column][\/vc_row][vc_row row_type=\u00bbrow\u00bb use_row_as_full_screen_section=\u00bbno\u00bb type=\u00bbfull_width\u00bb text_align=\u00bbleft\u00bb background_animation=\u00bbnone\u00bb css_animation=\u00bb\u00bb][vc_column][vc_empty_space][vc_empty_space][vc_empty_space][\/vc_column][\/vc_row][vc_row row_type=\u00bbrow\u00bb use_row_as_full_screen_section=\u00bbno\u00bb type=\u00bbfull_width\u00bb text_align=\u00bbleft\u00bb background_animation=\u00bbnone\u00bb css_animation=\u00bb\u00bb][vc_column][vc_empty_space][vc_column_text]<\/p>\n<p style=\"text-align: center;\"><span style=\"color: #333333;\">P\u00c0GINA WEB ELABORADA AMB EL PROGRAMA KIT DIGITAL COOFINAN\u00c7AT PELS FONS\u00a0<em>NEXT GENERATION EU<\/em>\u00a0DEL MECANISME DE RECUPERACI\u00d3 I RESILI\u00c8NCIA<\/span><\/p>\n<p>[\/vc_column_text][vc_empty_space][vc_column_text]<\/p>\n<p style=\"text-align: center;\"><span style=\"color: #808080;\">P\u00c1GINA WEB ELABORADA CON EL PROGRAMA KIT DIGITAL COOFINACIADO POR LOS FONDOS NEXT GENERATION EU DEL MECANISMO DE RECUPERACI\u00d3N Y RESILIENCIA<\/span><\/p>\n<p>[\/vc_column_text][vc_empty_space][vc_column_text]<img loading=\"lazy\" decoding=\"async\" class=\"wp-image-393 aligncenter\" src=\"http:\/\/tramuntanafotografia.com\/wp-content\/uploads\/2023\/12\/LOGOS-NEXT-EU.jpg\" alt=\"\" width=\"371\" height=\"58\" srcset=\"http:\/\/tramuntanafotografia.com\/wp-content\/uploads\/2023\/12\/LOGOS-NEXT-EU.jpg 1482w, http:\/\/tramuntanafotografia.com\/wp-content\/uploads\/2023\/12\/LOGOS-NEXT-EU-300x47.jpg 300w, http:\/\/tramuntanafotografia.com\/wp-content\/uploads\/2023\/12\/LOGOS-NEXT-EU-1024x160.jpg 1024w, http:\/\/tramuntanafotografia.com\/wp-content\/uploads\/2023\/12\/LOGOS-NEXT-EU-768x120.jpg 768w, http:\/\/tramuntanafotografia.com\/wp-content\/uploads\/2023\/12\/LOGOS-NEXT-EU-700x109.jpg 700w, http:\/\/tramuntanafotografia.com\/wp-content\/uploads\/2023\/12\/LOGOS-NEXT-EU-1100x171.jpg 1100w\" sizes=\"auto, (max-width: 371px) 100vw, 371px\" \/>[\/vc_column_text][vc_empty_space][vc_separator type=\u00bbnormal\u00bb border_style=\u00bb\u00bb][\/vc_column][\/vc_row]<\/p>\n<\/div>","protected":false},"excerpt":{"rendered":"<p>[vc_row row_type=\u00bbrow\u00bb use_row_as_full_screen_section=\u00bbno\u00bb type=\u00bbfull_width\u00bb text_align=\u00bbleft\u00bb background_animation=\u00bbnone\u00bb css_animation=\u00bb\u00bb][vc_column width=\u00bb1\/4&#8243;][vc_empty_space height=\u00bb10px\u00bb][vc_single_image image=\u00bb47&#8243; img_size=\u00bbmedium\u00bb alignment=\u00bbcenter\u00bb qode_css_animation=\u00bbelement_from_fade\u00bb][\/vc_column][vc_column width=\u00bb3\/4&#8243;][vc_empty_space height=\u00bb10px\u00bb][vc_column_text css=\u00bb\u00bb] Cristian Pons Coll (1979) \u00e9s llicenciat en Administraci\u00f3 d&#8217;Empreses i Comunicaci\u00f3 Audiovisual, especialitzat en reportatge i documental. Ha desenvolupat la seva traject\u00f2ria com a periodista i fot\u00f2graf per l&#8217;Ag\u00e8ncia&#8230;<\/p>\n","protected":false},"author":1,"featured_media":47,"parent":0,"menu_order":0,"comment_status":"closed","ping_status":"closed","template":"","meta":{"footnotes":""},"class_list":["post-21","page","type-page","status-publish","has-post-thumbnail","hentry"],"yoast_head":"<!-- This site is optimized with the Yoast SEO plugin v27.4 - https:\/\/yoast.com\/product\/yoast-seo-wordpress\/ -->\n<title>Cristian P.Coll - Reportatge i documental<\/title>\n<meta name=\"description\" content=\"Cristian Pons Coll (1979) llicenciat en Administraci\u00f3 d\u2019Empreses i Comunicaci\u00f3 Audiovisual, s\u2019ha especialitzat en reportatge i documental.\" \/>\n<meta name=\"robots\" content=\"index, follow, max-snippet:-1, max-image-preview:large, max-video-preview:-1\" \/>\n<link rel=\"canonical\" href=\"http:\/\/tramuntanafotografia.com\/es\/cristian\/\" \/>\n<meta property=\"og:locale\" content=\"es_ES\" \/>\n<meta property=\"og:locale:alternate\" content=\"ca\" \/>\n<meta property=\"og:type\" content=\"article\" \/>\n<meta property=\"og:title\" content=\"Cristian P.Coll - Reportatge i documental\" \/>\n<meta property=\"og:description\" content=\"Cristian Pons Coll (1979) llicenciat en Administraci\u00f3 d\u2019Empreses i Comunicaci\u00f3 Audiovisual, s\u2019ha especialitzat en reportatge i documental.\" \/>\n<meta property=\"og:url\" content=\"http:\/\/tramuntanafotografia.com\/es\/cristian\/\" \/>\n<meta property=\"og:site_name\" content=\"Cristian P.Coll\" \/>\n<meta property=\"article:modified_time\" content=\"2024-10-25T09:48:17+00:00\" \/>\n<meta property=\"og:image\" content=\"http:\/\/tramuntanafotografia.com\/wp-content\/uploads\/2023\/11\/cropped-Cristian-PColl.png\" \/>\n\t<meta property=\"og:image:width\" content=\"512\" \/>\n\t<meta property=\"og:image:height\" content=\"512\" \/>\n\t<meta property=\"og:image:type\" content=\"image\/png\" \/>\n<meta name=\"twitter:card\" content=\"summary_large_image\" \/>\n<meta name=\"twitter:label1\" content=\"Tiempo de lectura\" \/>\n\t<meta name=\"twitter:data1\" content=\"2 minutos\" \/>\n<!-- \/ Yoast SEO plugin. -->","yoast_head_json":{"title":"Cristian P.Coll - Reportatge i documental","description":"Cristian Pons Coll (1979) llicenciat en Administraci\u00f3 d\u2019Empreses i Comunicaci\u00f3 Audiovisual, s\u2019ha especialitzat en reportatge i documental.","robots":{"index":"index","follow":"follow","max-snippet":"max-snippet:-1","max-image-preview":"max-image-preview:large","max-video-preview":"max-video-preview:-1"},"canonical":"http:\/\/tramuntanafotografia.com\/es\/cristian\/","og_locale":"es_ES","og_type":"article","og_title":"Cristian P.Coll - Reportatge i documental","og_description":"Cristian Pons Coll (1979) llicenciat en Administraci\u00f3 d\u2019Empreses i Comunicaci\u00f3 Audiovisual, s\u2019ha especialitzat en reportatge i documental.","og_url":"http:\/\/tramuntanafotografia.com\/es\/cristian\/","og_site_name":"Cristian P.Coll","article_modified_time":"2024-10-25T09:48:17+00:00","og_image":[{"width":512,"height":512,"url":"http:\/\/tramuntanafotografia.com\/wp-content\/uploads\/2023\/11\/cropped-Cristian-PColl.png","type":"image\/png"}],"twitter_card":"summary_large_image","twitter_misc":{"Tiempo de lectura":"2 minutos"},"schema":{"@context":"https:\/\/schema.org","@graph":[{"@type":"WebPage","@id":"http:\/\/tramuntanafotografia.com\/ca\/cristian\/","url":"http:\/\/tramuntanafotografia.com\/ca\/cristian\/","name":"Cristian P.Coll - Reportatge i documental","isPartOf":{"@id":"https:\/\/tramuntanafotografia.com\/ca\/#website"},"primaryImageOfPage":{"@id":"http:\/\/tramuntanafotografia.com\/ca\/cristian\/#primaryimage"},"image":{"@id":"http:\/\/tramuntanafotografia.com\/ca\/cristian\/#primaryimage"},"thumbnailUrl":"http:\/\/tramuntanafotografia.com\/wp-content\/uploads\/2023\/11\/cropped-Cristian-PColl.png","datePublished":"2023-11-20T10:43:22+00:00","dateModified":"2024-10-25T09:48:17+00:00","description":"Cristian Pons Coll (1979) llicenciat en Administraci\u00f3 d\u2019Empreses i Comunicaci\u00f3 Audiovisual, s\u2019ha especialitzat en reportatge i documental.","breadcrumb":{"@id":"http:\/\/tramuntanafotografia.com\/ca\/cristian\/#breadcrumb"},"inLanguage":"es-ES","potentialAction":[{"@type":"ReadAction","target":["http:\/\/tramuntanafotografia.com\/ca\/cristian\/"]}]},{"@type":"ImageObject","inLanguage":"es-ES","@id":"http:\/\/tramuntanafotografia.com\/ca\/cristian\/#primaryimage","url":"http:\/\/tramuntanafotografia.com\/wp-content\/uploads\/2023\/11\/cropped-Cristian-PColl.png","contentUrl":"http:\/\/tramuntanafotografia.com\/wp-content\/uploads\/2023\/11\/cropped-Cristian-PColl.png","width":512,"height":512},{"@type":"BreadcrumbList","@id":"http:\/\/tramuntanafotografia.com\/ca\/cristian\/#breadcrumb","itemListElement":[{"@type":"ListItem","position":1,"name":"Inici","item":"https:\/\/tramuntanafotografia.com\/ca\/"},{"@type":"ListItem","position":2,"name":"CRISTIAN P.COLL"}]},{"@type":"WebSite","@id":"https:\/\/tramuntanafotografia.com\/ca\/#website","url":"https:\/\/tramuntanafotografia.com\/ca\/","name":"Cristian P.Coll","description":"Photo & cinema","publisher":{"@id":"https:\/\/tramuntanafotografia.com\/ca\/#\/schema\/person\/8d6a4605a44b999eb02454df8113e027"},"potentialAction":[{"@type":"SearchAction","target":{"@type":"EntryPoint","urlTemplate":"https:\/\/tramuntanafotografia.com\/ca\/?s={search_term_string}"},"query-input":{"@type":"PropertyValueSpecification","valueRequired":true,"valueName":"search_term_string"}}],"inLanguage":"es-ES"},{"@type":["Person","Organization"],"@id":"https:\/\/tramuntanafotografia.com\/ca\/#\/schema\/person\/8d6a4605a44b999eb02454df8113e027","name":"Cristianpcoll","image":{"@type":"ImageObject","inLanguage":"es-ES","@id":"https:\/\/secure.gravatar.com\/avatar\/2144f8831b23fc78dbe1e254980e8133c5f36233ee02297fac4f9dd26232184c?s=96&d=mm&r=g","url":"https:\/\/secure.gravatar.com\/avatar\/2144f8831b23fc78dbe1e254980e8133c5f36233ee02297fac4f9dd26232184c?s=96&d=mm&r=g","contentUrl":"https:\/\/secure.gravatar.com\/avatar\/2144f8831b23fc78dbe1e254980e8133c5f36233ee02297fac4f9dd26232184c?s=96&d=mm&r=g","caption":"Cristianpcoll"},"logo":{"@id":"https:\/\/secure.gravatar.com\/avatar\/2144f8831b23fc78dbe1e254980e8133c5f36233ee02297fac4f9dd26232184c?s=96&d=mm&r=g"},"sameAs":["http:\/\/tramuntanafotografia.com"]}]}},"_links":{"self":[{"href":"http:\/\/tramuntanafotografia.com\/es\/wp-json\/wp\/v2\/pages\/21","targetHints":{"allow":["GET"]}}],"collection":[{"href":"http:\/\/tramuntanafotografia.com\/es\/wp-json\/wp\/v2\/pages"}],"about":[{"href":"http:\/\/tramuntanafotografia.com\/es\/wp-json\/wp\/v2\/types\/page"}],"author":[{"embeddable":true,"href":"http:\/\/tramuntanafotografia.com\/es\/wp-json\/wp\/v2\/users\/1"}],"replies":[{"embeddable":true,"href":"http:\/\/tramuntanafotografia.com\/es\/wp-json\/wp\/v2\/comments?post=21"}],"version-history":[{"count":134,"href":"http:\/\/tramuntanafotografia.com\/es\/wp-json\/wp\/v2\/pages\/21\/revisions"}],"predecessor-version":[{"id":323,"href":"http:\/\/tramuntanafotografia.com\/es\/wp-json\/wp\/v2\/pages\/21\/revisions\/323"}],"wp:featuredmedia":[{"embeddable":true,"href":"http:\/\/tramuntanafotografia.com\/es\/wp-json\/wp\/v2\/media\/47"}],"wp:attachment":[{"href":"http:\/\/tramuntanafotografia.com\/es\/wp-json\/wp\/v2\/media?parent=21"}],"curies":[{"name":"wp","href":"https:\/\/api.w.org\/{rel}","templated":true}]}}